{"id":134,"date":"2024-06-05T08:22:33","date_gmt":"2024-06-05T08:22:33","guid":{"rendered":"https:\/\/www.quintadaspalmeiras.pt\/portal1\/?page_id=134"},"modified":"2025-04-02T22:22:31","modified_gmt":"2025-04-02T22:22:31","slug":"cursos-profissionais-eqavet","status":"publish","type":"page","link":"https:\/\/www.quintadaspalmeiras.pt\/portal1\/cursos-profissionais-eqavet\/","title":{"rendered":"Cursos Profissionais \/ EQAVET"},"content":{"rendered":"\n  \n    \n    <section class=\"u-align-center u-clearfix u-container-align-center u-section-2\" id=\"sec-f487\">\n      <div class=\"u-clearfix u-sheet u-sheet-1\">\n        <h2 class=\"u-text u-text-default u-text-1\">Cursos Profissionais \/ EQAVET <\/h2>\n        <img decoding=\"async\" class=\"u-expanded-width u-image u-image-default u-image-1 lazyload\" data-src=\"https:\/\/www.quintadaspalmeiras.pt\/portal1\/wp-content\/uploads\/2024\/06\/EqavetImage-No_-1-1140x698-1140x500-1.jpg\" alt=\"\" data-image-width=\"1140\" data-image-height=\"500\" src=\"data:image\/svg+xml;base64,PHN2ZyB3aWR0aD0iMSIgaGVpZ2h0PSIxIiB4bWxucz0iaHR0cDovL3d3dy53My5vcmcvMjAwMC9zdmciPjwvc3ZnPg==\" style=\"--smush-placeholder-width: 1140px; --smush-placeholder-aspect-ratio: 1140\/500;\">\n        <h3 class=\"u-text u-text-2\"> Quadro de Refer\u00eancia Europeu de Garantia da Qualidade&nbsp;<br>para o Ensino e a Forma\u00e7\u00e3o Profissionais (Quadro EQAVET)\n        <\/h3>\n        <p class=\"u-align-justify u-text u-text-3\"> A&nbsp;Escola Secund\u00e1ria Quinta das Palmeiras, na Covilh\u00e3, est\u00e1 no processo de implementa\u00e7\u00e3o de sistemas de garantia da qualidade alinhado com o Quadro de Refer\u00eancia Europeu de Garantia da Qualidade para o Ensino e a Forma\u00e7\u00e3o Profissionais (Quadro EQAVET).\u201cO Quadro EQAVET, institu\u00eddo pela Recomenda\u00e7\u00e3o do Parlamento Europeu e do Conselho de 18 de junho de 2009, foi concebido para melhorar a Educa\u00e7\u00e3o e Forma\u00e7\u00e3o Profissional (EFP) no espa\u00e7o europeu, colocando \u00e0 disposi\u00e7\u00e3o das autoridades e dos operadores de EFP ferramentas comuns para a gest\u00e3o da qualidade assentes numa forte articula\u00e7\u00e3o entre os diferentes&nbsp;stakeholders&nbsp;(decisores pol\u00edticos, organismos reguladores, operadores de EFP, alunos\/formandos, profissionais de EFP e de orienta\u00e7\u00e3o, encarregados de educa\u00e7\u00e3o, empres\u00e1rios e outros parceiros sociais) e no desenvolvimento, monitoriza\u00e7\u00e3o, avalia\u00e7\u00e3o e melhoria cont\u00ednua da efici\u00eancia da oferta.\u201d<\/p>\n        <p class=\"u-align-justify u-text u-text-4\"> Toda a informa\u00e7\u00e3o sobre o&nbsp;EQAVET aqui: &nbsp;<a href=\"http:\/\/www.qualidade.anqep.gov.pt\/documentacao.asp\" target=\"_blank\" rel=\"noopener noreferrer\" class=\"u-active-none u-border-none u-btn u-button-style u-hover-none u-none u-text-palette-1-base u-btn-1\">http:\/\/www.qualidade.anqep.gov.pt\/documentacao.asp<\/a>\n        <\/p>\n        <div class=\"u-border-2 u-border-grey-dark-1 u-line u-line-horizontal u-line-1\"><\/div>\n        <img decoding=\"async\" class=\"u-image u-image-default u-image-2 lazyload\" data-src=\"https:\/\/www.quintadaspalmeiras.pt\/portal1\/wp-content\/uploads\/2025\/04\/Capturadeecra2025-04-02as22.37.28.png\" alt=\"\" data-image-width=\"2560\" data-image-height=\"1408\" data-href=\"https:\/\/www.quintadaspalmeiras.pt\/eqavet\/\" data-target=\"_blank\" src=\"data:image\/svg+xml;base64,PHN2ZyB3aWR0aD0iMSIgaGVpZ2h0PSIxIiB4bWxucz0iaHR0cDovL3d3dy53My5vcmcvMjAwMC9zdmciPjwvc3ZnPg==\" style=\"--smush-placeholder-width: 2560px; --smush-placeholder-aspect-ratio: 2560\/1408;\">\n        <p class=\"u-align-center u-text u-text-5\">\n          <a href=\"https:\/\/www.quintadaspalmeiras.pt\/eqavet\/\" class=\"u-active-none u-border-none u-btn u-button-style u-hover-none u-none u-text-palette-1-base u-btn-2\">https:\/\/www.quintadaspalmeiras.pt\/eqavet\/<\/a>&nbsp;\n        <\/p>\n        <div class=\"u-border-2 u-border-grey-dark-1 u-line u-line-horizontal u-line-2\"><\/div>\n        <h3 class=\"u-align-center u-text u-text-6\">RELAT\u00d3RIOS<\/h3>\n        <ul class=\"u-align-left u-text u-text-palette-1-base u-text-7\">\n          <li>\n            <a href=\"https:\/\/www.quintadaspalmeiras.pt\/portal1\/wp-content\/uploads\/2024\/12\/RelatoriodeProgressoAnualn42024.pdf\" class=\"u-active-none u-border-none u-btn u-button-style u-file-link u-hover-none u-none u-text-palette-1-base u-btn-3\">Relat\u00f3rIo EQAVET 2023-2024 <\/a>E&nbsp;Q&nbsp;EQAVET \"&nbsp;elat\u00f3rio do EQAVET 2023\/2024&nbsp;elat\u00f3rio do EQAVET 2023\/2024\n          <\/li>\n          <li>\n            <a href=\"https:\/\/www.linkedin.com\/company\/escolaquintadaspalmeiras\/\" class=\"u-active-none u-border-none u-btn u-button-style u-hover-none u-none u-text-palette-1-base u-btn-4\">LinkedIn da Escola Quinta das Palmeiras<\/a>\n          <\/li>\n          <li>\n            <a href=\"https:\/\/www.quintadaspalmeiras.pt\/profissionais\/\" class=\"u-active-none u-border-none u-btn u-button-style u-hover-none u-none u-text-palette-1-base u-btn-5\">Cursos Profissionais Quinta das Palmeiras<\/a>\n          <\/li>\n          <li>\n            <a href=\"https:\/\/becre-esqp.blogs.sapo.pt\/\" class=\"u-active-none u-border-none u-btn u-button-style u-hover-none u-none u-text-palette-1-base u-btn-6\">Plataforma da Biblioteca da Escola Quinta das Palmeiras<\/a>\n          <\/li>\n          <li>\n            <a href=\"https:\/\/www.quintadaspalmeiras.pt\/palmeirasimpress\/\" class=\"u-active-none u-border-none u-btn u-button-style u-hover-none u-none u-text-palette-1-base u-btn-7\">Jornal Palmeiras Impress Digital<\/a>\n          <\/li>\n          <li>\n            <a href=\"https:\/\/www.youtube.com\/channel\/UC7JQmx9msD6gQ9z_qUXFDBQ\" class=\"u-active-none u-border-none u-btn u-button-style u-hover-none u-none u-text-palette-1-base u-btn-8\">QTV Palmeiras<\/a>\n          <\/li>\n          <li>\n            <a href=\"https:\/\/www.youtube.com\/channel\/UC7JQmx9msD6gQ9z_qUXFDBQ\" class=\"u-active-none u-border-none u-btn u-button-style u-hover-none u-none u-text-palette-1-base u-btn-9\">Trabalhos realizados pelos alunos dos Cursos Profissionais<\/a>-\n          <\/li>\n          <li>\n            <a href=\"https:\/\/www.youtube.com\/channel\/UCe-dENcGWpA3yL8XjMirswA\" class=\"u-active-none u-border-none u-btn u-button-style u-hover-none u-none u-text-palette-1-base u-btn-10\">Multim\u00e9dia Link - Mostra de trabalhos realizados pelos alunos dos Cursos Profissionais<\/a>\n          <\/li>\n        <\/ul>\n        <ul class=\"u-align-left u-text u-text-palette-1-base u-text-8\">\n          <li>\n            <a href=\"https:\/\/forms.gle\/C9agfjQq4w2trVid6\" target=\"_blank\" rel=\"noopener noreferrer\" class=\"u-active-none u-border-none u-btn u-button-style u-hover-none u-none u-text-palette-1-base u-btn-11\">Question\u00e1rio aos Alunos<\/a>\n          <\/li>\n          <li>\n            <a href=\"https:\/\/forms.gle\/g1L69yhuJ8DB4c3ZA\" target=\"_blank\" rel=\"noopener noreferrer\" class=\"u-active-none u-border-none u-btn u-button-style u-hover-none u-none u-text-palette-1-base u-btn-12\">Question\u00e1rio aos Assistentes Operacionais<\/a>\n          <\/li>\n          <li>\n            <a href=\"https:\/\/forms.gle\/DCZaF9mFNJnwRZRv7\" target=\"_blank\" rel=\"noopener noreferrer\" class=\"u-active-none u-border-none u-btn u-button-style u-hover-none u-none u-text-palette-1-base u-btn-13\">Question\u00e1rio aos Docentes<\/a>\n          <\/li>\n          <li>\n            <a href=\"https:\/\/docs.google.com\/forms\/d\/e\/1FAIpQLSfjAQd2sYndPafH4w1TDfXeb7O-xEYlWeRwL9ncBkXGwW76Kw\/viewform\" target=\"_blank\" rel=\"noopener noreferrer\" class=\"u-active-none u-border-none u-btn u-button-style u-hover-none u-none u-text-palette-1-base u-btn-14\">Question\u00e1rio aos Pais e Encarregados de Educa\u00e7\u00e3o<\/a>\n          <\/li>\n          <li>\n            <a href=\"https:\/\/forms.gle\/yoYYAjM7BHhX5fK79\" class=\"u-active-none u-border-none u-btn u-button-style u-hover-none u-none u-text-palette-1-base u-btn-15\">Question\u00e1rio aos Stakeholders<\/a>\n          <\/li>\n          <li>\n            <a href=\"https:\/\/forms.gle\/9TAA6EeHXG2j3ALN9\" class=\"u-active-none u-border-none u-btn u-button-style u-hover-none u-none u-text-palette-1-base u-btn-16\">Question\u00e1rio - Planeamento - Recolha de sugest\u00f5es de car\u00e1cter t\u00e9cnico e pedag\u00f3gico<\/a>\n          <\/li>\n          <li>\n            <a href=\"https:\/\/forms.gle\/JT8zzLvS6gsqFVwe9\" class=\"u-active-none u-border-none u-btn u-button-style u-hover-none u-none u-text-palette-1-base u-btn-17\">Question\u00e1rio aos Stakeholders sobre a Forma\u00e7\u00e3o em Contexto de Trabalho<\/a>\n          <\/li>\n        <\/ul>\n        <div class=\"u-border-2 u-border-grey-dark-1 u-line u-line-horizontal u-line-3\"><\/div>\n        <h3 class=\"u-align-center u-text u-text-9\"> ALGUNS STAKEHOLDERS<\/h3>\n        <p class=\"u-align-left u-text u-text-10\"> C\u00e2mara Municipal da Covilh\u00e3, Centro Hospitalar Universit\u00e1rio Cova da Beira, Universidade da Beira interior, Instituto Polit\u00e9cnico de Castelo Branco, Instituto Polit\u00e9cnico da Guarda, Geopark Estrela, WD Retail, Gr\u00e1fica do Tortosendo, Grupo IMB, Mutualista Covilhanense, Parque Fantasia, laser Tag Arena Covilh\u00e3, Feeling Events, Izi Fun,&nbsp;Museu de&nbsp;Lanif\u00edcios da Universidade da Beira Interior,&nbsp;Clube Nacional de Montanhismo.<\/p>\n        <div class=\"u-border-2 u-border-grey-dark-1 u-line u-line-horizontal u-line-4\"><\/div>\n        <h3 class=\"u-align-center u-text u-text-11\"> PLATAFORMAS DE COMUNICA\u00c7\u00c3O DA ESCOLA<\/h3>\n        <ul class=\"u-align-left u-text u-text-palette-1-base u-text-12\">\n          <li>\n            <a href=\"https:\/\/www.facebook.com\/quintadaspalmeirascovilha\/\" class=\"u-active-none u-border-none u-btn u-button-style u-hover-none u-none u-text-palette-1-base u-btn-18\">Facebook da Escola Quinta das Palmeiras<\/a>\n          <\/li>\n          <li>\n            <a href=\"https:\/\/www.linkedin.com\/company\/escolaquintadaspalmeiras\/\" class=\"u-active-none u-border-none u-btn u-button-style u-hover-none u-none u-text-palette-1-base u-btn-19\">LinkedIn da Escola Quinta das Palmeiras<\/a>\n          <\/li>\n          <li>\n            <a href=\"https:\/\/www.quintadaspalmeiras.pt\/profissionais\/\" class=\"u-active-none u-border-none u-btn u-button-style u-hover-none u-none u-text-palette-1-base u-btn-20\">Cursos Profissionais Quinta das Palmeiras<\/a>\n          <\/li>\n          <li>\n            <a href=\"https:\/\/becre-esqp.blogs.sapo.pt\/\" class=\"u-active-none u-border-none u-btn u-button-style u-hover-none u-none u-text-palette-1-base u-btn-21\">Plataforma da Biblioteca da Escola Quinta das Palmeiras<\/a>\n          <\/li>\n          <li>\n            <a href=\"https:\/\/www.quintadaspalmeiras.pt\/palmeirasimpress\/\" class=\"u-active-none u-border-none u-btn u-button-style u-hover-none u-none u-text-palette-1-base u-btn-22\">Jornal Palmeiras Impress Digital<\/a>\n          <\/li>\n          <li>\n            <a href=\"https:\/\/www.youtube.com\/channel\/UC7JQmx9msD6gQ9z_qUXFDBQ\" class=\"u-active-none u-border-none u-btn u-button-style u-hover-none u-none u-text-palette-1-base u-btn-23\">QTV Palmeiras<\/a>\n          <\/li>\n          <li>\n            <a href=\"https:\/\/www.youtube.com\/channel\/UC7JQmx9msD6gQ9z_qUXFDBQ\" class=\"u-active-none u-border-none u-btn u-button-style u-hover-none u-none u-text-palette-1-base u-btn-24\">Trabalhos realizados pelos alunos dos Cursos Profissionais<\/a>-\n          <\/li>\n          <li>\n            <a href=\"https:\/\/www.youtube.com\/channel\/UCe-dENcGWpA3yL8XjMirswA\" class=\"u-active-none u-border-none u-btn u-button-style u-hover-none u-none u-text-palette-1-base u-btn-25\">Multim\u00e9dia Link - Mostra de trabalhos realizados pelos alunos dos Cursos Profissionais<\/a>\n          <\/li>\n        <\/ul>\n        <div class=\"u-border-2 u-border-grey-dark-1 u-line u-line-horizontal u-line-5\"><\/div>\n        <h3 class=\"u-align-center u-text u-text-13\"> REGULAMENTOS<\/h3>\n        <ul class=\"u-align-left u-text u-text-palette-1-base u-text-14\">\n          <li> -&nbsp;<a href=\"https:\/\/www.quintadaspalmeiras.pt\/portal\/images\/Profissionais\/RegulamentoCursosProfissionais-2020-22.pdf\" target=\"_blank\" rel=\"noopener noreferrer\" class=\"u-active-none u-border-none u-btn u-button-style u-hover-none u-none u-text-palette-1-base u-btn-26\">Regulamento dos Cursos Profissionais<\/a>-&nbsp;<a href=\"https:\/\/www.quintadaspalmeiras.pt\/portal\/images\/Profissionais\/13_Cursos_Profissionais.pdf\" target=\"_blank\" rel=\"noopener noreferrer\" class=\"u-active-none u-border-none u-btn u-button-style u-hover-none u-none u-text-palette-1-base u-btn-27\">Plano Anual de Atividades dos&nbsp;dos Cursos Profissionais<\/a>-&nbsp;<a href=\"https:\/\/www.quintadaspalmeiras.pt\/portal\/images\/Profissionais\/RegulamentodaFCT-2020-2022.pdf\" target=\"_blank\" rel=\"noopener noreferrer\" class=\"u-active-none u-border-none u-btn u-button-style u-hover-none u-none u-text-palette-1-base u-btn-28\">Regulamento da Forma\u00e7\u00e3o em Contexto de Trabalho<\/a>-&nbsp;<a href=\"https:\/\/www.quintadaspalmeiras.pt\/portal\/images\/Profissionais\/RegulamentodaProvadeAptidaoProfissional-2020-2022.pdf\" target=\"_blank\" rel=\"noopener noreferrer\" class=\"u-active-none u-border-none u-btn u-button-style u-hover-none u-none u-text-palette-1-base u-btn-29\">Regulamento da Prova de Aptid\u00e3o Profissional<\/a>\n          <\/li>\n          <li>Plano Anual de Atividades dos&nbsp;dos Cursos Profissionais<\/li>\n          <li>Regulamento da Forma\u00e7\u00e3o em Contexto de Trabalho<\/li>\n          <li>Regulamento da Prova de Aptid\u00e3o Profissional<\/li>\n        <\/ul>\n        <p class=\"u-align-justify u-text u-text-15\"> -&nbsp;<a href=\"https:\/\/www.quintadaspalmeiras.pt\/portal\/images\/Profissionais\/RegulamentoCursosProfissionais-2020-22.pdf\" target=\"_blank\" rel=\"noopener noreferrer\" class=\"u-active-none u-border-none u-btn u-button-style u-hover-none u-none u-text-palette-1-base u-btn-30\">Regulamento dos Cursos Profissionais<\/a>\n          <br>\n          <br>-&nbsp;<a href=\"https:\/\/www.quintadaspalmeiras.pt\/portal\/images\/Profissionais\/13_Cursos_Profissionais.pdf\" target=\"_blank\" rel=\"noopener noreferrer\" class=\"u-active-none u-border-none u-btn u-button-style u-hover-none u-none u-text-palette-1-base u-btn-31\">Plano Anual de Atividades dos&nbsp;dos Cursos Profissionais<\/a>\n          <br>\n          <br>-&nbsp;<a href=\"https:\/\/www.quintadaspalmeiras.pt\/portal\/images\/Profissionais\/RegulamentodaFCT-2020-2022.pdf\" target=\"_blank\" rel=\"noopener noreferrer\" class=\"u-active-none u-border-none u-btn u-button-style u-hover-none u-none u-text-palette-1-base u-btn-32\">Regulamento da Forma\u00e7\u00e3o em Contexto de Trabalho<\/a>\n          <br>\n          <br>-&nbsp;<a href=\"https:\/\/www.quintadaspalmeiras.pt\/portal\/images\/Profissionais\/RegulamentodaProvadeAptidaoProfissional-2020-2022.pdf\" target=\"_blank\" rel=\"noopener noreferrer\" class=\"u-active-none u-border-none u-btn u-button-style u-hover-none u-none u-text-palette-1-base u-btn-33\">Regulamento da Prova de Aptid\u00e3o Profissional<\/a>\n        <\/p>\n        <div class=\"u-border-2 u-border-grey-dark-1 u-line u-line-horizontal u-line-6\"><\/div>\n        <div class=\"u-expanded-width u-list u-list-1\">\n          <div class=\"u-repeater u-repeater-1\">\n            <div class=\"u-container-style u-list-item u-repeater-item\">\n              <div class=\"u-container-layout u-similar-container u-container-layout-1\">\n                <h3 class=\"u-align-center u-custom-item u-text u-text-16\">OBSERVAT\u00d3RIO DO EMPREGO<\/h3>\n                <ul class=\"u-align-left u-custom-item u-text u-text-palette-1-base u-text-17\">\n                  <li>Oferta de emprego - IEFP&nbsp;- Cursos Profissionais<\/li>\n                <\/ul>\n                <p class=\"u-align-left u-text u-text-palette-1-base u-text-18\"> -&nbsp;<a href=\"https:\/\/iefponline.iefp.pt\/IEFP\/pesquisas\/search.do;jsessionid=E11BD158E234B837F85B2D5F5024A2DA.sciefponl4\" class=\"u-active-none u-border-none u-btn u-button-style u-hover-none u-none u-text-palette-1-base u-btn-34\">Oferta de emprego - IEFP&nbsp;- Cursos Profissionais<\/a>\n                <\/p>\n                <div class=\"u-border-2 u-border-grey-dark-1 u-line u-line-horizontal u-line-7\"><\/div>\n              <\/div>\n            <\/div>\n            <div class=\"u-container-style u-list-item u-repeater-item\">\n              <div class=\"u-container-layout u-similar-container u-container-layout-2\">\n                <h3 class=\"u-align-center u-custom-item u-text u-text-19\">PORTAL DO EMPREGO<\/h3>\n                <ul class=\"u-align-left u-custom-item u-text u-text-palette-1-base u-text-20\">\n                  <li>\n                    <a href=\"https:\/\/empregomais.com\/\" class=\"u-active-none u-border-none u-btn u-button-style u-hover-none u-none u-text-palette-1-base u-btn-35\">Ofertas de emprego&nbsp;- Emprego Mais&nbsp;<\/a>\n                  <\/li>\n                <\/ul>\n                <p class=\"u-align-left u-text u-text-palette-1-base u-text-21\">\n                  <a href=\"https:\/\/empregomais.com\/\" class=\"u-active-none u-border-none u-btn u-button-style u-hover-none u-none u-text-palette-1-base u-btn-36\">-&nbsp;Ofertas de emprego&nbsp;- Emprego Mais&nbsp;<\/a>\n                <\/p>\n                <div class=\"u-border-2 u-border-grey-dark-1 u-line u-line-horizontal u-line-8\"><\/div>\n              <\/div>\n            <\/div>\n            <div class=\"u-container-style u-list-item u-repeater-item\">\n              <div class=\"u-container-layout u-similar-container u-container-layout-3\">\n                <h3 class=\"u-align-center u-custom-item u-text u-text-22\">TURISMO \/ HOTELARIA<\/h3>\n                <ul class=\"u-align-left u-custom-item u-text u-text-palette-1-base u-text-23\">\n                  <li>\n                    <a href=\"https:\/\/www.careerjet.pt\/emprego-no-turismo.html\" class=\"u-active-none u-border-none u-btn u-button-style u-hover-none u-none u-text-palette-1-base u-btn-37\">Careerjet -&nbsp;Emprego no Turismo<\/a>\n                  <\/li>\n                  <li>\n                    <a href=\"https:\/\/escolas.turismodeportugal.pt\/emprego\/\" class=\"u-active-none u-border-none u-btn u-button-style u-hover-none u-none u-text-palette-1-base u-btn-38\">Bolsa de empregos no Turismo<\/a>\n                  <\/li>\n                  <li>\n                    <a href=\"https:\/\/pt.indeed.com\/Ofertas-de-Turismo\" class=\"u-active-none u-border-none u-btn u-button-style u-hover-none u-none u-text-palette-1-base u-btn-39\">Indeed&nbsp;- Empregos no Turismo<\/a>\n                  <\/li>\n                  <li>\n                    <a href=\"https:\/\/emprego.trovit.pt\/emprego-area-turismo\" class=\"u-active-none u-border-none u-btn u-button-style u-hover-none u-none u-text-palette-1-base u-btn-40\">Trovit&nbsp;-&nbsp;Ofertas de emprego na \u00e1rea do Turism<\/a>\n                    <a href=\"https:\/\/pt.indeed.com\/Ofertas-de-Turismo\" class=\"u-active-none u-border-none u-btn u-button-style u-hover-none u-none u-text-palette-1-base u-btn-41\">o<\/a>\n                  <\/li>\n                  <li>\n                    <a href=\"https:\/\/www.linkedin.com\/jobs\/turismo-vagas\/?countryRedirected=1&amp;position=1&amp;pageNum=0&amp;originalSubdomain=pt\" class=\"u-active-none u-border-none u-btn u-button-style u-hover-none u-none u-text-palette-1-base u-btn-42\">Linked In - Ofertas de emprego em Turismo<\/a>\n                  <\/li>\n                  <li>\n                    <a href=\"https:\/\/www.net-empregos.com\/emprego-hotelaria-turismo.asp\" class=\"u-active-none u-border-none u-btn u-button-style u-hover-none u-none u-text-palette-1-base u-btn-43\">Net Empregos&nbsp;- Empregos em Hotelaria \/ Turismo<\/a>\n                  <\/li>\n                  <li>\n                    <a href=\"https:\/\/emprego.sapo.pt\/offers?search=turismo\" class=\"u-active-none u-border-none u-btn u-button-style u-hover-none u-none u-text-palette-1-base u-btn-44\">Sapoemprego&nbsp;- Ofertas de Emprego em Turismo<\/a>\n                  <\/li>\n                  <li>\n                    <a href=\"https:\/\/pt.talent.com\/jobs?k=turismo&amp;l=\" class=\"u-active-none u-border-none u-btn u-button-style u-hover-none u-none u-text-palette-1-base u-btn-45\">Talent&nbsp;- Ofertas de Turismo<\/a>\n                  <\/li>\n                  <li>\n                    <a href=\"https:\/\/www.turijobs.pt\/\" class=\"u-active-none u-border-none u-btn u-button-style u-hover-none u-none u-text-palette-1-base u-btn-46\">Turijobs&nbsp;- Ofertas de emprego em Turismo&nbsp;e Hotelaria<\/a>\n                  <\/li>\n                <\/ul>\n                <p class=\"u-align-left u-text u-text-palette-1-base u-text-24\">\n                  <a href=\"https:\/\/www.careerjet.pt\/emprego-no-turismo.html\" class=\"u-active-none u-border-none u-btn u-button-style u-hover-none u-none u-text-palette-1-base u-btn-47\">- Careerjet&nbsp;<br>-&nbsp;Emprego no Turismo\n                  <\/a>\n                  <br>-&nbsp;<a href=\"https:\/\/escolas.turismodeportugal.pt\/emprego\/\" class=\"u-active-none u-border-none u-btn u-button-style u-hover-none u-none u-text-palette-1-base u-btn-48\">Bolsa de empregos no Turismo<\/a>\n                  <br>-&nbsp;<a href=\"https:\/\/pt.indeed.com\/Ofertas-de-Turismo\" class=\"u-active-none u-border-none u-btn u-button-style u-hover-none u-none u-text-palette-1-base u-btn-49\">Indeed&nbsp;- Empregos no Turismo<\/a>\n                  <br>-&nbsp;<a href=\"https:\/\/emprego.trovit.pt\/emprego-area-turismo\" class=\"u-active-none u-border-none u-btn u-button-style u-hover-none u-none u-text-palette-1-base u-btn-50\">Trovit&nbsp;-&nbsp;Ofertas de emprego na \u00e1rea do Turism<\/a>\n                  <a href=\"https:\/\/pt.indeed.com\/Ofertas-de-Turismo\" class=\"u-active-none u-border-none u-btn u-button-style u-hover-none u-none u-text-palette-1-base u-btn-51\">o<\/a>\n                  <br>-&nbsp;<a href=\"https:\/\/www.linkedin.com\/jobs\/turismo-vagas\/?countryRedirected=1&amp;position=1&amp;pageNum=0&amp;originalSubdomain=pt\" class=\"u-active-none u-border-none u-btn u-button-style u-hover-none u-none u-text-palette-1-base u-btn-52\">Linked In - Ofertas de emprego em Turismo<\/a>&nbsp;<br>-&nbsp;<a href=\"https:\/\/www.net-empregos.com\/emprego-hotelaria-turismo.asp\" class=\"u-active-none u-border-none u-btn u-button-style u-hover-none u-none u-text-palette-1-base u-btn-53\">Net Empregos&nbsp;<br>\n                  <\/a>- Empregos em Hotelaria \/ Turismo<br>-&nbsp;<a href=\"https:\/\/emprego.sapo.pt\/offers?search=turismo\" class=\"u-active-none u-border-none u-btn u-button-style u-hover-none u-none u-text-palette-1-base u-btn-54\">Sapoemprego&nbsp;- Ofertas de Emprego em Turismo<\/a>\n                  <br>-&nbsp;<a href=\"https:\/\/pt.talent.com\/jobs?k=turismo&amp;l=\" class=\"u-active-none u-border-none u-btn u-button-style u-hover-none u-none u-text-palette-1-base u-btn-55\">Talent&nbsp;- Ofertas de Turismo<\/a>\n                  <br>-&nbsp;<a href=\"https:\/\/www.turijobs.pt\/\" class=\"u-active-none u-border-none u-btn u-button-style u-hover-none u-none u-text-palette-1-base u-btn-56\">Turijobs&nbsp;- Ofertas de emprego em Turismo&nbsp;e Hotelaria<\/a>\n                <\/p>\n                <div class=\"u-border-2 u-border-grey-dark-1 u-line u-line-horizontal u-line-9\"><\/div>\n              <\/div>\n            <\/div>\n            <div class=\"u-container-style u-list-item u-repeater-item\">\n              <div class=\"u-container-layout u-similar-container u-container-layout-4\">\n                <h3 class=\"u-align-center u-custom-item u-text u-text-25\">MULTIM\u00c9DIA<\/h3>\n                <ul class=\"u-align-left u-custom-item u-text u-text-palette-1-base u-text-26\">\n                  <li>\n                    <a href=\"https:\/\/www.careerjet.pt\/emprego-multimedia.html\" class=\"u-active-none u-border-none u-btn u-button-style u-hover-none u-none u-text-palette-1-base u-btn-57\">Careerjet -&nbsp;Emprego&nbsp;em Multim\u00e9dia<\/a>\n                  <\/li>\n                  <li>\n                    <a href=\"https:\/\/pt.indeed.com\/jobs?q=Multim%C3%A9dia&amp;l=\" class=\"u-active-none u-border-none u-btn u-button-style u-hover-none u-none u-text-palette-1-base u-btn-58\">Indeed&nbsp;- Empregos&nbsp;em Multim\u00e9dia<\/a>\n                  <\/li>\n                  <li style=\"\">\n                    <a href=\"https:\/\/www.jobatus.pt\/emprego-tecnico-multimedia\" class=\"u-active-none u-border-none u-btn u-button-style u-hover-none u-none u-text-palette-1-base u-btn-59\">JoBatus&nbsp;- Emprego T\u00e9cnicos de Multim\u00e9dia<\/a>\n                  <\/li>\n                  <li style=\"\">\n                    <a href=\"https:\/\/pt.jooble.org\/emprego-t%C3%A9cnico-de-multim%C3%A9dia\" class=\"u-active-none u-border-none u-btn u-button-style u-hover-none u-none u-text-palette-1-base u-btn-60\">Jooble - Empregos T\u00e9cnicos de Multim\u00e9dia<\/a>\n                  <\/li>\n                  <li style=\"\">\n                    <a href=\"https:\/\/www.linkedin.com\/jobs\/search?keywords=Multim%C3%A9dia&amp;location=Portugal&amp;geoId=100364837&amp;trk=public_jobs_jobs-search-bar_search-submit&amp;position=1&amp;pageNum=0\" class=\"u-active-none u-border-none u-btn u-button-style u-hover-none u-none u-text-palette-1-base u-btn-61\">Linked In - Ofertas de emprego&nbsp;em Multim\u00e9dia<\/a>\n                  <\/li>\n                  <li style=\"\">\n                    <a href=\"https:\/\/emprego.mitula.pt\/emprego\/tecnico-multimedia\" class=\"u-active-none u-border-none u-btn u-button-style u-hover-none u-none u-text-palette-1-base u-btn-62\">Mitula -&nbsp;Emprego T\u00e9cnicos de Multim\u00e9dia&nbsp;<\/a>\n                  <\/li>\n                  <li style=\"\">\n                    <a href=\"http:\/\/www.net-empregos.com\/multimedia\/\" class=\"u-active-none u-border-none u-btn u-button-style u-hover-none u-none u-text-palette-1-base u-btn-63\">Net Empregos&nbsp;- Empregos em Multim\u00e9dia<\/a>\n                  <\/li>\n                  <li style=\"\">\n                    <a href=\"https:\/\/emprego.sapo.pt\/offers?search=multimedia\" class=\"u-active-none u-border-none u-btn u-button-style u-hover-none u-none u-text-palette-1-base u-btn-64\">Sapoemprego&nbsp;- Ofertas de Emprego em Multim\u00e9dia<\/a>\n                  <\/li>\n                  <li style=\"\">\n                    <a href=\"https:\/\/emprego.trovit.pt\/emprego-multim%C3%A9dia\" class=\"u-active-none u-border-none u-btn u-button-style u-hover-none u-none u-text-palette-1-base u-btn-65\">Trovit&nbsp;-&nbsp;Ofertas de emprego&nbsp;em Multim\u00e9dia<\/a>\n                    <br>\n                  <\/li>\n                <\/ul>\n                <p class=\"u-align-left u-text u-text-palette-1-base u-text-27\"> -&nbsp;<a href=\"https:\/\/www.careerjet.pt\/emprego-multimedia.html\" class=\"u-active-none u-border-none u-btn u-button-style u-hover-none u-none u-text-palette-1-base u-btn-66\">Careerjet -&nbsp;Emprego&nbsp;em Multim\u00e9dia<\/a>\n                  <br>-&nbsp;<a href=\"https:\/\/pt.indeed.com\/jobs?q=Multim%C3%A9dia&amp;l=\" class=\"u-active-none u-border-none u-btn u-button-style u-hover-none u-none u-text-palette-1-base u-btn-67\">Indeed&nbsp;- Empregos&nbsp;em Multim\u00e9dia<\/a>\n                  <br>-&nbsp;<a href=\"https:\/\/www.jobatus.pt\/emprego-tecnico-multimedia\" class=\"u-active-none u-border-none u-btn u-button-style u-hover-none u-none u-text-palette-1-base u-btn-68\">JoBatus&nbsp;- Emprego T\u00e9cnicos de Multim\u00e9dia<\/a>\n                  <br>-&nbsp;<a href=\"https:\/\/pt.jooble.org\/emprego-t%C3%A9cnico-de-multim%C3%A9dia\" class=\"u-active-none u-border-none u-btn u-button-style u-hover-none u-none u-text-palette-1-base u-btn-69\">Jooble - Empregos T\u00e9cnicos de Multim\u00e9dia<\/a>\n                  <br>-<a href=\"https:\/\/www.linkedin.com\/jobs\/turismo-vagas\/?countryRedirected=1&amp;position=1&amp;pageNum=0&amp;originalSubdomain=pt\" class=\"u-active-none u-border-none u-btn u-button-style u-hover-none u-none u-text-palette-1-base u-btn-70\">&nbsp;<\/a>\n                  <a href=\"https:\/\/www.linkedin.com\/jobs\/search?keywords=Multim%C3%A9dia&amp;location=Portugal&amp;geoId=100364837&amp;trk=public_jobs_jobs-search-bar_search-submit&amp;position=1&amp;pageNum=0\" class=\"u-active-none u-border-none u-btn u-button-style u-hover-none u-none u-text-palette-1-base u-btn-71\">Linked In - Ofertas de emprego&nbsp;em Multim\u00e9dia<\/a>\n                  <br>-&nbsp;<a href=\"https:\/\/emprego.mitula.pt\/emprego\/tecnico-multimedia\" class=\"u-active-none u-border-none u-btn u-button-style u-hover-none u-none u-text-palette-1-base u-btn-72\">Mitula -&nbsp;Emprego T\u00e9cnicos de Multim\u00e9dia&nbsp;<\/a>-&nbsp;<a href=\"http:\/\/www.net-empregos.com\/multimedia\/\" class=\"u-active-none u-border-none u-btn u-button-style u-hover-none u-none u-text-palette-1-base u-btn-73\">Net Empregos&nbsp;- Empregos em Multim\u00e9dia<\/a>\n                  <br>-&nbsp;<a href=\"https:\/\/emprego.sapo.pt\/offers?search=multimedia\" class=\"u-active-none u-border-none u-btn u-button-style u-hover-none u-none u-text-palette-1-base u-btn-74\">Sapoemprego&nbsp;- Ofertas de Emprego em Multim\u00e9dia<\/a>\n                  <br>-&nbsp;<a href=\"https:\/\/emprego.trovit.pt\/emprego-multim%C3%A9dia\" class=\"u-active-none u-border-none u-btn u-button-style u-hover-none u-none u-text-palette-1-base u-btn-75\">Trovit&nbsp;-&nbsp;Ofertas de emprego&nbsp;em Multim\u00e9dia<\/a>\n                <\/p>\n                <div class=\"u-border-2 u-border-grey-dark-1 u-line u-line-horizontal u-line-10\"><\/div>\n              <\/div>\n            <\/div>\n          <\/div>\n        <\/div>\n        <h3 class=\"u-align-center u-text u-text-28\"> FORMUL\u00c1RIOS<\/h3>\n        <p class=\"u-align-justify u-text u-text-29\"> Comprometido num processo de promo\u00e7\u00e3o de melhoria cont\u00ednua, a Escola Secund\u00e1ria Quinta das Palmeiras&nbsp;s\u00f3 poder\u00e1 crescer e desenvolver-se caminhando na mesma dire\u00e7\u00e3o que os seus Parceiros. A opini\u00e3o e as sugest\u00f5es de melhoria dos nossos Stakeholders s\u00e3o fundamentais para que a nossa Escola possa oferecer um ensino de qualidade, adequado \u00e0s necessidades dos alunos e da comunidade. A nossa Escola&nbsp;quer fazer mais e melhor! Nesse sentido, pedimos-lhe que, de uma forma muito sucinta, nos deixe algumas sugest\u00f5es de melhoria! Muito obrigado!&nbsp;<\/p>\n        <div class=\"u-clearfix u-custom-html u-expanded-width u-custom-html-1\">\n          <iframe data-src=\"https:\/\/docs.google.com\/forms\/d\/e\/1FAIpQLSfG_uEAkc7pwLNkZVAPtB3z-fUI4nI9-T47CRSNcQxnjVckQg\/viewform?embedded=true\" width=\"640\" height=\"1186\" frameborder=\"0\" marginheight=\"0\" marginwidth=\"0\" src=\"data:image\/svg+xml;base64,PHN2ZyB3aWR0aD0iMSIgaGVpZ2h0PSIxIiB4bWxucz0iaHR0cDovL3d3dy53My5vcmcvMjAwMC9zdmciPjwvc3ZnPg==\" class=\"lazyload\" data-load-mode=\"1\">A carregar\u2026<\/iframe>\n        <\/div>\n      <\/div>\n    <\/section>\n    \n    \n    \n  \n","protected":false},"excerpt":{"rendered":"<p>Cursos Profissionais \/ EQAVET Quadro de Refer\u00eancia Europeu de Garantia da Qualidade&nbsp;para o Ensino e a Forma\u00e7\u00e3o Profissionais (Quadro EQAVET) A&nbsp;Escola Secund\u00e1ria Quinta das Palmeiras, na Covilh\u00e3, est\u00e1 no processo de implementa\u00e7\u00e3o de sistemas de garantia da qualidade alinhado com o Quadro de Refer\u00eancia Europeu de Garantia da Qualidade para o Ensino e a Forma\u00e7\u00e3o &hellip; <a href=\"https:\/\/www.quintadaspalmeiras.pt\/portal1\/cursos-profissionais-eqavet\/\" class=\"more-link\">Continue reading<span class=\"screen-reader-text\"> &#8220;Cursos Profissionais \/ EQAVET&#8221;<\/span><\/a><\/p>\n","protected":false},"author":1,"featured_media":0,"parent":0,"menu_order":0,"comment_status":"closed","ping_status":"closed","template":"","meta":{"_angie_page":false,"_crdt_document":"","footnotes":""},"class_list":["post-134","page","type-page","status-publish","hentry"],"_links":{"self":[{"href":"https:\/\/www.quintadaspalmeiras.pt\/portal1\/wp-json\/wp\/v2\/pages\/134","targetHints":{"allow":["GET"]}}],"collection":[{"href":"https:\/\/www.quintadaspalmeiras.pt\/portal1\/wp-json\/wp\/v2\/pages"}],"about":[{"href":"https:\/\/www.quintadaspalmeiras.pt\/portal1\/wp-json\/wp\/v2\/types\/page"}],"author":[{"embeddable":true,"href":"https:\/\/www.quintadaspalmeiras.pt\/portal1\/wp-json\/wp\/v2\/users\/1"}],"replies":[{"embeddable":true,"href":"https:\/\/www.quintadaspalmeiras.pt\/portal1\/wp-json\/wp\/v2\/comments?post=134"}],"version-history":[{"count":14,"href":"https:\/\/www.quintadaspalmeiras.pt\/portal1\/wp-json\/wp\/v2\/pages\/134\/revisions"}],"predecessor-version":[{"id":1305,"href":"https:\/\/www.quintadaspalmeiras.pt\/portal1\/wp-json\/wp\/v2\/pages\/134\/revisions\/1305"}],"wp:attachment":[{"href":"https:\/\/www.quintadaspalmeiras.pt\/portal1\/wp-json\/wp\/v2\/media?parent=134"}],"curies":[{"name":"wp","href":"https:\/\/api.w.org\/{rel}","templated":true}]}}